{"id":728,"date":"2014-06-18T17:45:33","date_gmt":"2014-06-18T15:45:33","guid":{"rendered":"http:\/\/www.sonnencamping.de\/?page_id=728"},"modified":"2026-08-18T11:02:06","modified_gmt":"2026-08-18T09:02:06","slug":"uitrusting","status":"publish","type":"page","link":"https:\/\/www.sonnencamping.de\/nl\/uitrusting\/","title":{"rendered":"Uitrusting"},"content":{"rendered":"<div id='full_slider_1'  class='avia-fullwidth-slider main_color avia-shadow   avia-builder-el-0  el_before_av_two_third  avia-builder-el-first   container_wrap sidebar_right'  ><div  class='avia-slideshow av-av_slideshow_full-ba446cb706d2211ff78009493dfc10e6 avia-slideshow-featured av_slideshow_full avia-slide-slider av-slideshow-ui av-control-default av-slideshow-manual av-loop-once av-loop-manual-endless av-default-height-applied   avia-slideshow-1' data-slideshow-options=\"{&quot;animation&quot;:&quot;slide&quot;,&quot;autoplay&quot;:false,&quot;loop_autoplay&quot;:&quot;once&quot;,&quot;interval&quot;:5,&quot;loop_manual&quot;:&quot;manual-endless&quot;,&quot;autoplay_stopper&quot;:false,&quot;noNavigation&quot;:false,&quot;bg_slider&quot;:false,&quot;keep_padding&quot;:false,&quot;hoverpause&quot;:false,&quot;show_slide_delay&quot;:0}\"  itemprop=\"image\" itemscope=\"itemscope\" itemtype=\"https:\/\/schema.org\/ImageObject\" ><ul class='avia-slideshow-inner ' style='padding-bottom: 29.586260733802%;'><li  class='avia-slideshow-slide av-av_slideshow_full-ba446cb706d2211ff78009493dfc10e6__0  av-single-slide slide-1 slide-odd'><div data-rel='slideshow-1' class='avia-slide-wrap '   ><img decoding=\"async\" fetchpriority=\"high\" class=\"wp-image-6023 avia-img-lazy-loading-not-6023\"  src=\"https:\/\/www.sonnencamping.de\/wp-content\/uploads\/2019\/03\/Header_ausstattung1.jpg\" width=\"1281\" height=\"379\" title='Sonnencamping Albstadt' alt=''  itemprop=\"thumbnailUrl\" srcset=\"https:\/\/www.sonnencamping.de\/wp-content\/uploads\/2019\/03\/Header_ausstattung1.jpg 1281w, https:\/\/www.sonnencamping.de\/wp-content\/uploads\/2019\/03\/Header_ausstattung1-300x89.jpg 300w, https:\/\/www.sonnencamping.de\/wp-content\/uploads\/2019\/03\/Header_ausstattung1-768x227.jpg 768w, https:\/\/www.sonnencamping.de\/wp-content\/uploads\/2019\/03\/Header_ausstattung1-1030x305.jpg 1030w, https:\/\/www.sonnencamping.de\/wp-content\/uploads\/2019\/03\/Header_ausstattung1-705x209.jpg 705w, https:\/\/www.sonnencamping.de\/wp-content\/uploads\/2019\/03\/Header_ausstattung1-450x133.jpg 450w\" sizes=\"(max-width: 1281px) 100vw, 1281px\" \/><\/div><\/li><\/ul><\/div><\/div><div id='after_full_slider_1'  class='main_color av_default_container_wrap container_wrap sidebar_right'  ><div class='container av-section-cont-open' ><div class='template-page content  av-content-small alpha units'><div class='post-entry post-entry-type-page post-entry-728'><div class='entry-content-wrapper clearfix'>\n<div class='flex_column_table av-av_two_third-17d45123a85c6ecc0b94d8f65e697d4e sc-av_two_third av-equal-height-column-flextable'>\n<style type=\"text\/css\" data-created_by=\"avia_inline_auto\" id=\"style-css-av-av_two_third-17d45123a85c6ecc0b94d8f65e697d4e\">\n.flex_column.av-av_two_third-17d45123a85c6ecc0b94d8f65e697d4e{\nwidth:66%;\nmargin-left:0;\n}\n#top .flex_column_table.av-equal-height-column-flextable.av-av_two_third-17d45123a85c6ecc0b94d8f65e697d4e .av-flex-placeholder{\nwidth:2%;\n}\n<\/style>\n<div  class='flex_column av-av_two_third-17d45123a85c6ecc0b94d8f65e697d4e av_two_third  avia-builder-el-1  el_after_av_slideshow_full  el_before_av_one_third  avia-builder-el-first  first flex_column_table_cell av-equal-height-column av-align-middle  '     ><style type=\"text\/css\" data-created_by=\"avia_inline_auto\" id=\"style-css-av-msyfojcv-e57f0b08aa99d7e79a9d3cc78e565851\">\n#top .av-special-heading.av-msyfojcv-e57f0b08aa99d7e79a9d3cc78e565851{\npadding-bottom:20px;\n}\nbody .av-special-heading.av-msyfojcv-e57f0b08aa99d7e79a9d3cc78e565851 .av-special-heading-tag .heading-char{\nfont-size:25px;\n}\n.av-special-heading.av-msyfojcv-e57f0b08aa99d7e79a9d3cc78e565851 .av-subheading{\nfont-size:15px;\n}\n<\/style>\n<div  class='av-special-heading av-msyfojcv-e57f0b08aa99d7e79a9d3cc78e565851 av-special-heading-h1 blockquote modern-quote  avia-builder-el-2  avia-builder-el-no-sibling  av-linked-heading'><h1 class='av-special-heading-tag '  itemprop=\"headline\"  >Uitrusting<\/h1><div class=\"special-heading-border\"><div class=\"special-heading-inner-border\"><\/div><\/div><\/div><\/div><div class='av-flex-placeholder'><\/div>\n<style type=\"text\/css\" data-created_by=\"avia_inline_auto\" id=\"style-css-av-av_one_third-538dd737667e19053994a94b9156413b\">\n.flex_column.av-av_one_third-538dd737667e19053994a94b9156413b{\nwidth:32%;\nmargin-left:0;\n}\n#top .flex_column_table.av-equal-height-column-flextable.av-av_one_third-538dd737667e19053994a94b9156413b .av-flex-placeholder{\nwidth:2%;\n}\n<\/style>\n<div  class='flex_column av-av_one_third-538dd737667e19053994a94b9156413b av_one_third  avia-builder-el-3  el_after_av_two_third  el_before_av_one_third  flex_column_table_cell av-equal-height-column av-align-middle  '     ><div  class='avia-button-wrap avia-button-center  avia-builder-el-4  avia-builder-el-no-sibling '>\n<style type=\"text\/css\" data-created_by=\"avia_inline_auto\" id=\"style-css-av-msyfjbfw-c5ed69271738e2b1730dd1bebda8f619\">\n#top #wrap_all .avia-button.av-msyfjbfw-c5ed69271738e2b1730dd1bebda8f619:hover{\nbackground-color:#fecc00;\ncolor:white;\ntransition:all 0.4s ease-in-out;\n}\n#top #wrap_all .avia-button.av-msyfjbfw-c5ed69271738e2b1730dd1bebda8f619:hover .avia-svg-icon svg:first-child{\nfill:white;\nstroke:white;\n}\n<\/style>\n<a href='https:\/\/www.sonnencamping.de\/nl\/contact\/' class='avia-color-grey avia-font-color-theme-color avia-button avia-button-fullwidth av-msyfjbfw-c5ed69271738e2b1730dd1bebda8f619 avia-icon_select-no avia-color-grey'  target=\"_blank\"  rel=\"noopener noreferrer\"  aria-label=\"Boeking \/ Aanvraag\"><span class='avia_iconbox_title' >Boeking \/ Aanvraag<\/span><\/a><\/div><\/div><\/div><!--close column table wrapper. Autoclose: 1 --><\/p>\n<div class='flex_column_table av-av_one_third-3e651d237b65824e0e1ce5464f4ec636 sc-av_one_third av-equal-height-column-flextable'>\n<style type=\"text\/css\" data-created_by=\"avia_inline_auto\" id=\"style-css-av-av_one_third-3e651d237b65824e0e1ce5464f4ec636\">\n.flex_column.av-av_one_third-3e651d237b65824e0e1ce5464f4ec636{\nwidth:32%;\nmargin-left:0;\npadding:0 0 0 0;\nbackground-color:#ffe88e;\n}\n#top .flex_column_table.av-equal-height-column-flextable.av-av_one_third-3e651d237b65824e0e1ce5464f4ec636 .av-flex-placeholder{\nwidth:2%;\n}\n<\/style>\n<div  class='flex_column av-av_one_third-3e651d237b65824e0e1ce5464f4ec636 av_one_third  avia-builder-el-5  el_after_av_one_third  el_before_av_one_third  first flex_column_table_cell av-equal-height-column av-align-top av-zero-column-padding  column-top-margin'     ><p>\n<style type=\"text\/css\" data-created_by=\"avia_inline_auto\" id=\"style-css-av-av_image-bc4abd0f470fe9182e762dc94471dacd\">\n.avia-image-container.av-av_image-bc4abd0f470fe9182e762dc94471dacd img.avia_image{\nbox-shadow:none;\n}\n.avia-image-container.av-av_image-bc4abd0f470fe9182e762dc94471dacd .av-image-caption-overlay-center{\ncolor:#ffffff;\n}\n<\/style>\n<div  class='avia-image-container av-av_image-bc4abd0f470fe9182e762dc94471dacd av-styling- avia-align-center  avia-builder-el-6  el_before_av_textblock  avia-builder-el-first '   itemprop=\"image\" itemscope=\"itemscope\" itemtype=\"https:\/\/schema.org\/ImageObject\" ><div class=\"avia-image-container-inner\"><div class=\"avia-image-overlay-wrap\"><img decoding=\"async\" fetchpriority=\"high\" class='wp-image-6264 avia-img-lazy-loading-not-6264 avia_image ' src=\"https:\/\/www.sonnencamping.de\/wp-content\/uploads\/2019\/04\/Aufenthaltsraum-845x684.jpg\" alt='' title='Verblijfsruimte'  height=\"684\" width=\"845\"  itemprop=\"thumbnailUrl\" srcset=\"https:\/\/www.sonnencamping.de\/wp-content\/uploads\/2019\/04\/Aufenthaltsraum-845x684.jpg 845w, https:\/\/www.sonnencamping.de\/wp-content\/uploads\/2019\/04\/Aufenthaltsraum-495x400.jpg 495w\" sizes=\"(max-width: 845px) 100vw, 845px\" \/><\/div><\/div><\/div><br \/>\n\n<style type=\"text\/css\" data-created_by=\"avia_inline_auto\" id=\"style-css-av-msyf46w7-03d9004a3a2ce1b58d69bd2e326ca688\">\n#top .av_textblock_section.av-msyf46w7-03d9004a3a2ce1b58d69bd2e326ca688 .avia_textblock{\nfont-size:16px;\npadding:30px 30px 30px 30px;\n}\n<\/style>\n<section  class='av_textblock_section av-msyf46w7-03d9004a3a2ce1b58d69bd2e326ca688 '   itemscope=\"itemscope\" itemtype=\"https:\/\/schema.org\/CreativeWork\" ><div class='avia_textblock'  itemprop=\"text\" ><h2><strong><span style=\"color: #000000;\">Verblijfszones<\/span><\/strong><\/h2>\n<p>Op onze camping vindt u tal van mooie plekjes om even te vertoeven \u2013 zowel in de open lucht als onder een dak. Voor onze kleine gasten is er een met veel zorg ingerichte speeltuin, en daarnaast zijn er een tafeltennistafel en andere recreatiemogelijkheden beschikbaar.<\/p>\n<p>Bij slecht weer nodigt onze gezellige recreatieruimte uit om te lezen, te spelen, tv te kijken of gewoon behaaglijk bij elkaar te zitten.<\/p>\n<p>Voor gezellige avonden staat onze grote barbecuehut open voor alle campinggasten.<\/p>\n<\/div><\/section><\/p><\/div>\n<div class='av-flex-placeholder'><\/div>\n<style type=\"text\/css\" data-created_by=\"avia_inline_auto\" id=\"style-css-av-av_one_third-ef42016b68daa4c3ce1b2cf77b148d06\">\n.flex_column.av-av_one_third-ef42016b68daa4c3ce1b2cf77b148d06{\nwidth:32%;\nmargin-left:0;\npadding:0 0 0 0;\nbackground-color:#fecc00;\n}\n#top .flex_column_table.av-equal-height-column-flextable.av-av_one_third-ef42016b68daa4c3ce1b2cf77b148d06 .av-flex-placeholder{\nwidth:2%;\n}\n<\/style>\n<div  class='flex_column av-av_one_third-ef42016b68daa4c3ce1b2cf77b148d06 av_one_third  avia-builder-el-8  el_after_av_one_third  el_before_av_one_third  flex_column_table_cell av-equal-height-column av-align-top av-zero-column-padding  column-top-margin'     ><p>\n<style type=\"text\/css\" data-created_by=\"avia_inline_auto\" id=\"style-css-av-av_image-2215afe9d20a5d3b2bc9e19928ac640d\">\n.avia-image-container.av-av_image-2215afe9d20a5d3b2bc9e19928ac640d img.avia_image{\nbox-shadow:none;\n}\n.avia-image-container.av-av_image-2215afe9d20a5d3b2bc9e19928ac640d .av-image-caption-overlay-center{\ncolor:#ffffff;\n}\n<\/style>\n<div  class='avia-image-container av-av_image-2215afe9d20a5d3b2bc9e19928ac640d av-styling- avia-align-center  avia-builder-el-9  el_before_av_textblock  avia-builder-el-first '   itemprop=\"image\" itemscope=\"itemscope\" itemtype=\"https:\/\/schema.org\/ImageObject\" ><div class=\"avia-image-container-inner\"><div class=\"avia-image-overlay-wrap\"><img decoding=\"async\" fetchpriority=\"high\" class='wp-image-4756 avia-img-lazy-loading-not-4756 avia_image ' src=\"https:\/\/www.sonnencamping.de\/wp-content\/uploads\/2019\/04\/Sanit\u00e4r-845x684.jpg\" alt='' title='Sanitair'  height=\"684\" width=\"845\"  itemprop=\"thumbnailUrl\" srcset=\"https:\/\/www.sonnencamping.de\/wp-content\/uploads\/2019\/04\/Sanit\u00e4r-845x684.jpg 845w, https:\/\/www.sonnencamping.de\/wp-content\/uploads\/2019\/04\/Sanit\u00e4r-495x400.jpg 495w\" sizes=\"(max-width: 845px) 100vw, 845px\" \/><\/div><\/div><\/div><br \/>\n\n<style type=\"text\/css\" data-created_by=\"avia_inline_auto\" id=\"style-css-av-msyezijo-6fd2910c3fb57fb3c39e1a5066b64b2d\">\n#top .av_textblock_section.av-msyezijo-6fd2910c3fb57fb3c39e1a5066b64b2d .avia_textblock{\nfont-size:16px;\npadding:30px 30px 30px 30px;\n}\n<\/style>\n<section  class='av_textblock_section av-msyezijo-6fd2910c3fb57fb3c39e1a5066b64b2d '   itemscope=\"itemscope\" itemtype=\"https:\/\/schema.org\/CreativeWork\" ><div class='avia_textblock'  itemprop=\"text\" ><h2><strong><span style=\"color: #000000;\">Sanitair<\/span><\/strong><\/h2>\n<p>Onze moderne sanitaire voorzieningen voldoen aan de huidige technische normen en bieden u individuele douchecabines, een familiebad (te reserveren), een rolstoeltoegankelijke badkamer en een lichte, uitnodigende foyer.<\/p>\n<p>De toegang verloopt comfortabel en veilig via een transponder.<\/p>\n<\/div><\/section><\/p><\/div>\n<div class='av-flex-placeholder'><\/div>\n<style type=\"text\/css\" data-created_by=\"avia_inline_auto\" id=\"style-css-av-av_one_third-474ab581b4a1fce8ffba329c3e354e28\">\n.flex_column.av-av_one_third-474ab581b4a1fce8ffba329c3e354e28{\nwidth:32%;\nmargin-left:0;\npadding:0 0 0 0;\nbackground-color:#ffe88e;\n}\n#top .flex_column_table.av-equal-height-column-flextable.av-av_one_third-474ab581b4a1fce8ffba329c3e354e28 .av-flex-placeholder{\nwidth:2%;\n}\n<\/style>\n<div  class='flex_column av-av_one_third-474ab581b4a1fce8ffba329c3e354e28 av_one_third  avia-builder-el-11  el_after_av_one_third  el_before_av_one_third  flex_column_table_cell av-equal-height-column av-align-top av-zero-column-padding  column-top-margin'     ><p>\n<style type=\"text\/css\" data-created_by=\"avia_inline_auto\" id=\"style-css-av-av_image-c9fdf088ffab78c6e922fc16d815726f\">\n.avia-image-container.av-av_image-c9fdf088ffab78c6e922fc16d815726f img.avia_image{\nbox-shadow:none;\n}\n.avia-image-container.av-av_image-c9fdf088ffab78c6e922fc16d815726f .av-image-caption-overlay-center{\ncolor:#ffffff;\n}\n<\/style>\n<div  class='avia-image-container av-av_image-c9fdf088ffab78c6e922fc16d815726f av-styling- av-img-linked avia-align-center  avia-builder-el-12  el_before_av_textblock  avia-builder-el-first '   itemprop=\"image\" itemscope=\"itemscope\" itemtype=\"https:\/\/schema.org\/ImageObject\" ><div class=\"avia-image-container-inner\"><div class=\"avia-image-overlay-wrap\"><a href=\"https:\/\/www.sonnencamping.de\/ausstattung-3\/\" class='avia_image '  aria-label='Impressionen_pizza'><img decoding=\"async\" fetchpriority=\"high\" class='wp-image-14208 avia-img-lazy-loading-not-14208 avia_image ' src=\"https:\/\/www.sonnencamping.de\/wp-content\/uploads\/2025\/07\/Impressionen_pizza-845x684.jpg\" alt='' title='Impressionen_pizza'  height=\"684\" width=\"845\"  itemprop=\"thumbnailUrl\" srcset=\"https:\/\/www.sonnencamping.de\/wp-content\/uploads\/2025\/07\/Impressionen_pizza-845x684.jpg 845w, https:\/\/www.sonnencamping.de\/wp-content\/uploads\/2025\/07\/Impressionen_pizza-495x400.jpg 495w\" sizes=\"(max-width: 845px) 100vw, 845px\" \/><\/a><\/div><\/div><\/div><br \/>\n\n<style type=\"text\/css\" data-created_by=\"avia_inline_auto\" id=\"style-css-av-msyf8we1-2a58b1725a4ed4dadebddcd91d48997a\">\n#top .av_textblock_section.av-msyf8we1-2a58b1725a4ed4dadebddcd91d48997a .avia_textblock{\nfont-size:16px;\npadding:30px 30px 30px 30px;\n}\n<\/style>\n<section  class='av_textblock_section av-msyf8we1-2a58b1725a4ed4dadebddcd91d48997a '   itemscope=\"itemscope\" itemtype=\"https:\/\/schema.org\/CreativeWork\" ><div class='avia_textblock'  itemprop=\"text\" ><h2><strong><span style=\"color: #000000;\">Eten &amp; drinken<\/span><\/strong><\/h2>\n<p>In onze campingwinkel kunt u \u2013 naast belangrijke kampeerbenodigdheden en gasflessen \u2013 ook koffie en gebak, ijs, drankjes en levensmiddelen voor de dagelijkse boodschappen kopen. Onze 24\/7-snackautomaat voorziet u de klok rond van drankjes en snacks. Een broodjesservice zorgt voor een gezellig begin van de dag.<br \/>\nDaarnaast verwennen we u met versgebakken pizza\u2019s en pinsen.<\/p>\n<p>Verschillende restaurants liggen op ongeveer 20 minuten lopen, waaronder het <strong><span style=\"color: #000000;\"><a style=\"color: #000000;\" href=\"http:\/\/www.ochsenhaus.de\/\" target=\"_blank\" rel=\"noopener\">Ochsenhaus<\/a><\/span><\/strong>, het <strong><span style=\"color: #000000;\"><a style=\"color: #000000;\" href=\"https:\/\/www.restaurant-karl-linder-haus.de\/\" target=\"_blank\" rel=\"noopener\">Karl- Linder Haus<\/a><\/span><\/strong> en Gasthaus <strong><span style=\"color: #000000;\"><a style=\"color: #000000;\" href=\"https:\/\/www.krone-lautlingen.de\/\" target=\"_blank\" rel=\"noopener\">Krone<\/a><\/span><\/strong>.<\/p>\n<\/div><\/section><\/p><\/div><\/div><!--close column table wrapper. Autoclose: 1 -->\n<div class='flex_column_table av-av_one_third-cf548ef01b488809f403aafb3b146a96 sc-av_one_third av-equal-height-column-flextable'>\n<style type=\"text\/css\" data-created_by=\"avia_inline_auto\" id=\"style-css-av-av_one_third-cf548ef01b488809f403aafb3b146a96\">\n.flex_column.av-av_one_third-cf548ef01b488809f403aafb3b146a96{\nwidth:32%;\nmargin-left:0;\npadding:0 0 0 0;\nbackground-color:#fecc00;\n}\n#top .flex_column_table.av-equal-height-column-flextable.av-av_one_third-cf548ef01b488809f403aafb3b146a96 .av-flex-placeholder{\nwidth:2%;\n}\n<\/style>\n<div  class='flex_column av-av_one_third-cf548ef01b488809f403aafb3b146a96 av_one_third  avia-builder-el-14  el_after_av_one_third  el_before_av_one_third  first flex_column_table_cell av-equal-height-column av-align-top av-zero-column-padding  column-top-margin'     ><p>\n<style type=\"text\/css\" data-created_by=\"avia_inline_auto\" id=\"style-css-av-av_image-bda0246dc089751b31de79fce9afcbab\">\n.avia-image-container.av-av_image-bda0246dc089751b31de79fce9afcbab img.avia_image{\nbox-shadow:none;\n}\n.avia-image-container.av-av_image-bda0246dc089751b31de79fce9afcbab .av-image-caption-overlay-center{\ncolor:#ffffff;\n}\n<\/style>\n<div  class='avia-image-container av-av_image-bda0246dc089751b31de79fce9afcbab av-styling- avia-align-center  avia-builder-el-15  el_before_av_textblock  avia-builder-el-first '   itemprop=\"image\" itemscope=\"itemscope\" itemtype=\"https:\/\/schema.org\/ImageObject\" ><div class=\"avia-image-container-inner\"><div class=\"avia-image-overlay-wrap\"><img decoding=\"async\" fetchpriority=\"high\" class='wp-image-15816 avia-img-lazy-loading-not-15816 avia_image ' src=\"https:\/\/www.sonnencamping.de\/wp-content\/uploads\/2025\/12\/wlan-845x684.jpg\" alt='' title='wlan'  height=\"684\" width=\"845\"  itemprop=\"thumbnailUrl\" srcset=\"https:\/\/www.sonnencamping.de\/wp-content\/uploads\/2025\/12\/wlan-845x684.jpg 845w, https:\/\/www.sonnencamping.de\/wp-content\/uploads\/2025\/12\/wlan-495x400.jpg 495w\" sizes=\"(max-width: 845px) 100vw, 845px\" \/><\/div><\/div><\/div><br \/>\n\n<style type=\"text\/css\" data-created_by=\"avia_inline_auto\" id=\"style-css-av-msyfc5h0-c398ab89dbd8ab4fb348b6e29e679fe4\">\n#top .av_textblock_section.av-msyfc5h0-c398ab89dbd8ab4fb348b6e29e679fe4 .avia_textblock{\nfont-size:16px;\npadding:30px 30px 30px 30px;\n}\n<\/style>\n<section  class='av_textblock_section av-msyfc5h0-c398ab89dbd8ab4fb348b6e29e679fe4 '   itemscope=\"itemscope\" itemtype=\"https:\/\/schema.org\/CreativeWork\" ><div class='avia_textblock'  itemprop=\"text\" ><h2><strong><span style=\"color: #000000;\">Functionele zones<\/span><\/strong><\/h2>\n<p>Ook beschikbaar zijn er kook- en afwasgelegenheden, wasmachines met droger (voor een vergoeding) en een koelkast voor onze campinggasten.<\/p>\n<\/div><\/section><br \/>\n\n<style type=\"text\/css\" data-created_by=\"avia_inline_auto\" id=\"style-css-av-msyfd1js-195b3b340d965c1b3a645be898b13807\">\n#top .av_textblock_section.av-msyfd1js-195b3b340d965c1b3a645be898b13807 .avia_textblock{\nfont-size:16px;\npadding:30px 30px 30px 30px;\n}\n<\/style>\n<section  class='av_textblock_section av-msyfd1js-195b3b340d965c1b3a645be898b13807 '   itemscope=\"itemscope\" itemtype=\"https:\/\/schema.org\/CreativeWork\" ><div class='avia_textblock'  itemprop=\"text\" ><h2><strong><span style=\"color: #000000;\">Multimedia<\/span><\/strong><\/h2>\n<p>Op de hele camping kunt u gebruikmaken van onze wifi (tegen betaling).<\/p>\n<\/div><\/section><\/p><\/div>\n<div class='av-flex-placeholder'><\/div>\n<style type=\"text\/css\" data-created_by=\"avia_inline_auto\" id=\"style-css-av-av_one_third-91712ed06e69d008dafa30c2ebdf6845\">\n.flex_column.av-av_one_third-91712ed06e69d008dafa30c2ebdf6845{\nwidth:32%;\nmargin-left:0;\npadding:0 0 0 0;\nbackground-color:#ffe88e;\n}\n#top .flex_column_table.av-equal-height-column-flextable.av-av_one_third-91712ed06e69d008dafa30c2ebdf6845 .av-flex-placeholder{\nwidth:2%;\n}\n<\/style>\n<div  class='flex_column av-av_one_third-91712ed06e69d008dafa30c2ebdf6845 av_one_third  avia-builder-el-18  el_after_av_one_third  el_before_av_one_third  flex_column_table_cell av-equal-height-column av-align-top av-zero-column-padding  column-top-margin'     ><p>\n<style type=\"text\/css\" data-created_by=\"avia_inline_auto\" id=\"style-css-av-av_image-11f543c5aec94dcf20e160398e9f0d29\">\n.avia-image-container.av-av_image-11f543c5aec94dcf20e160398e9f0d29 img.avia_image{\nbox-shadow:none;\n}\n.avia-image-container.av-av_image-11f543c5aec94dcf20e160398e9f0d29 .av-image-caption-overlay-center{\ncolor:#ffffff;\n}\n<\/style>\n<div  class='avia-image-container av-av_image-11f543c5aec94dcf20e160398e9f0d29 av-styling- avia-align-center  avia-builder-el-19  el_before_av_textblock  avia-builder-el-first '   itemprop=\"image\" itemscope=\"itemscope\" itemtype=\"https:\/\/schema.org\/ImageObject\" ><div class=\"avia-image-container-inner\"><div class=\"avia-image-overlay-wrap\"><img decoding=\"async\" fetchpriority=\"high\" class='wp-image-4764 avia-img-lazy-loading-not-4764 avia_image ' src=\"https:\/\/www.sonnencamping.de\/wp-content\/uploads\/2019\/04\/Shop_2-845x684.jpg\" alt='' title='Winkel'  height=\"684\" width=\"845\"  itemprop=\"thumbnailUrl\" srcset=\"https:\/\/www.sonnencamping.de\/wp-content\/uploads\/2019\/04\/Shop_2-845x684.jpg 845w, https:\/\/www.sonnencamping.de\/wp-content\/uploads\/2019\/04\/Shop_2-495x400.jpg 495w\" sizes=\"(max-width: 845px) 100vw, 845px\" \/><\/div><\/div><\/div><br \/>\n\n<style type=\"text\/css\" data-created_by=\"avia_inline_auto\" id=\"style-css-av-msyffdny-e45a6e260833efdbc0a99daa54d42744\">\n#top .av_textblock_section.av-msyffdny-e45a6e260833efdbc0a99daa54d42744 .avia_textblock{\nfont-size:16px;\npadding:30px 30px 30px 30px;\n}\n<\/style>\n<section  class='av_textblock_section av-msyffdny-e45a6e260833efdbc0a99daa54d42744 '   itemscope=\"itemscope\" itemtype=\"https:\/\/schema.org\/CreativeWork\" ><div class='avia_textblock'  itemprop=\"text\" ><h2><strong><span style=\"color: #000000;\">Winkelen<\/span><\/strong><\/h2>\n<p>Op slechts ongeveer 400 meter van de camping ligt een discountwinkel; de dichtstbijzijnde grotere supermarkt ligt op ongeveer 2 kilometer afstand.<\/p>\n<p>Daarnaast biedt de regio talrijke outletwinkels \u2013 hier vindt u naast kleding ook veel regionale producten, zoals Alb-linzen, Alb-Gold-pasta of natuurlijke producten van schapenwol.<\/p>\n<\/div><\/section><\/p><\/div>\n<div class='av-flex-placeholder'><\/div>\n<style type=\"text\/css\" data-created_by=\"avia_inline_auto\" id=\"style-css-av-av_one_third-ae5417d5c8883b384d0fa7318af21f9d\">\n.flex_column.av-av_one_third-ae5417d5c8883b384d0fa7318af21f9d{\nwidth:32%;\nmargin-left:0;\nborder-radius:0px 0px 0px 0px;\npadding:30px 30px 30px 30px;\nbackground-color:#fecc00;\n}\n#top .flex_column_table.av-equal-height-column-flextable.av-av_one_third-ae5417d5c8883b384d0fa7318af21f9d .av-flex-placeholder{\nwidth:2%;\n}\n\n@media only screen and (max-width: 479px){ \n.flex_column.av-av_one_third-ae5417d5c8883b384d0fa7318af21f9d{\npadding:10px 10px 10px 10px;\n}\n}\n<\/style>\n<div  class='flex_column av-av_one_third-ae5417d5c8883b384d0fa7318af21f9d av_one_third  avia-builder-el-21  el_after_av_one_third  el_before_av_one_full  flex_column_table_cell av-equal-height-column av-align-top av-animated-generic top-to-bottom  column-top-margin'     ><style type=\"text\/css\" data-created_by=\"avia_inline_auto\" id=\"style-css-av-msyfmeim-005dec8494d954fa99d508703a3ac7d7\">\n#top #wrap_all .iconbox.av-msyfmeim-005dec8494d954fa99d508703a3ac7d7 .iconbox_content_title{\nfont-size:22px;\ncolor:#000000;\n}\n.iconbox.av-msyfmeim-005dec8494d954fa99d508703a3ac7d7 .iconbox_content_container{\nfont-size:16px;\ncolor:#000000;\n}\n<\/style>\n<article  class='iconbox iconbox_left av-msyfmeim-005dec8494d954fa99d508703a3ac7d7  avia-builder-el-22  avia-builder-el-no-sibling '  itemscope=\"itemscope\" itemtype=\"https:\/\/schema.org\/CreativeWork\" ><div class=\"iconbox_content\"><header class=\"entry-content-header\" aria-label=\"Icoon: In \u00e9\u00e9n oogopslag\"><div class='iconbox_icon heading-color avia-iconfont avia-font-entypo-fontello' data-av_icon='\ue808' data-av_iconfont='entypo-fontello'  ><\/div><h3 class='iconbox_content_title '  itemprop=\"headline\" >In \u00e9\u00e9n oogopslag<\/h3><\/header><div class='iconbox_content_container av_inherit_color'  itemprop=\"text\" ><ul>\n<li>Receptie<\/li>\n<li>Winkel<\/li>\n<li>24\/7 snackautomaat<\/li>\n<li>Pizza\u2019s altijd van vrijdag tot en met zondag en op feestdagen<\/li>\n<li>Informatiebalie<\/li>\n<li>Broodjesservice<\/li>\n<li>Restaurants op loopafstand<\/li>\n<li>Gasfles uitwisseling<\/li>\n<li>Wifi op het hele terrein (tegen betaling)<\/li>\n<li>Gezelligheidsruimte<\/li>\n<li>Speeltuin<\/li>\n<li>Barbecuehut<\/li>\n<li>Tafeltennis<\/li>\n<li>Het hele jaar door geopend<\/li>\n<li>Hoofdopeningstijden van de receptie: dagelijks van 9.00 tot 12.00 uur en van 14.00 tot 17.00 uur<\/li>\n<\/ul>\n<\/div><\/div><footer class=\"entry-footer\"><\/footer><\/article><\/div><\/div><!--close column table wrapper. Autoclose: 1 -->\n<div  class='flex_column av-av_one_full-a2cef933b0a555f25d1e39b22a8e9dae av_one_full  avia-builder-el-23  el_after_av_one_third  el_before_av_button  first flex_column_div  column-top-margin'     ><section  class='av_textblock_section av-msyffxh4-ad5cbbdae13e2ea0d9ef0923109f310a '   itemscope=\"itemscope\" itemtype=\"https:\/\/schema.org\/CreativeWork\" ><div class='avia_textblock'  itemprop=\"text\" ><p>Dit zeggen onze gasten:<\/p>\n<pre class=\"ti-widget\" style=\"display: none\"><template id=\"trustindex-google-widget-html\"><div class=\" ti-widget  ti-goog ti-review-text-mode-readmore ti-text-align-left\" data-no-translation=\"true\" data-time-locale=\"vor %d %s|Heute|Tag|Tagen|Woche|Wochen|Monat|Monaten|Jahr|Jahren\" data-plugin-version=\"13.3.2\" data-layout-id=\"4\" data-layout-category=\"slider\" data-set-id=\"drop-shadow\" data-pid=\"\" data-language=\"de\" data-close-locale=\"Schlie\u00dfen\" data-review-target-width=\"300\" data-css-version=\"2\" data-reply-by-locale=\"Antwort des Eigent\u00fcmers\" data-only-rating-locale=\"Dieser Nutzer hat lediglich eine Bewertung abgegeben.\" data-pager-autoplay-timeout=\"6\"> <div class=\"ti-widget-container ti-col-3\"> <div class=\"ti-reviews-container\"> <div class=\"ti-controls\"> <div class=\"ti-next\" aria-label=\"N\u00e4chste Bewertung\" role=\"button\" tabindex=\"0\"><\/div> <div class=\"ti-prev\" aria-label=\"Vorherige Bewertung\" role=\"button\" tabindex=\"0\"><\/div> <\/div> <div class=\"ti-reviews-container-wrapper\">  <div data-empty=\"0\" data-time=\"1787443200\" class=\"ti-review-item source-Google ti-image-layout-thumbnail\" data-id=\"cfcd208495d565ef66e7dff9f98764da\" data-language=\"\"> <div class=\"ti-inner\"> <div class=\"ti-review-header\"> <div class=\"ti-platform-icon ti-with-tooltip\"> <span class=\"ti-tooltip\">Gepostet auf Google<\/span> <trustindex-image data-imgurl=\"https:\/\/cdn.trustindex.io\/assets\/platform\/Google\/icon.svg\" alt=\"Google\" width=\"20\" height=\"20\" loading=\"lazy\"><\/trustindex-image> <\/div> <div class=\"ti-profile-img\"> <trustindex-image data-imgurl=\"https:\/\/lh3.googleusercontent.com\/a\/ACg8ocIIriQLnTlku9BOGbW3vqjB4tGStubzibw6VStT-iUZQeO1dQ=w40-h40-c-rp-mo-br100\" alt=\"Tanja Staiger profile picture\" loading=\"lazy\"><\/trustindex-image> <\/div> <div class=\"ti-profile-details\"> <div class=\"ti-name\"> Tanja Staiger <\/div> <div class=\"ti-date\"><\/div> <\/div> <\/div> <span class=\"ti-stars\"><trustindex-image class=\"ti-star\" data-imgurl=\"https:\/\/cdn.trustindex.io\/assets\/platform\/Google\/star\/f.svg\" alt=\"Google star 1\" width=\"17\" height=\"17\" loading=\"lazy\"><\/trustindex-image><trustindex-image class=\"ti-star\" data-imgurl=\"https:\/\/cdn.trustindex.io\/assets\/platform\/Google\/star\/f.svg\" alt=\"Google star 2\" width=\"17\" height=\"17\" loading=\"lazy\"><\/trustindex-image><trustindex-image class=\"ti-star\" data-imgurl=\"https:\/\/cdn.trustindex.io\/assets\/platform\/Google\/star\/f.svg\" alt=\"Google star 3\" width=\"17\" height=\"17\" loading=\"lazy\"><\/trustindex-image><trustindex-image class=\"ti-star\" data-imgurl=\"https:\/\/cdn.trustindex.io\/assets\/platform\/Google\/star\/f.svg\" alt=\"Google star 4\" width=\"17\" height=\"17\" loading=\"lazy\"><\/trustindex-image><trustindex-image class=\"ti-star\" data-imgurl=\"https:\/\/cdn.trustindex.io\/assets\/platform\/Google\/star\/f.svg\" alt=\"Google star 5\" width=\"17\" height=\"17\" loading=\"lazy\"><\/trustindex-image><span class=\"ti-verified-review ti-verified-platform\"><span class=\"ti-verified-tooltip\">Trustindex \u00fcberpr\u00fcft, ob die Originalquelle der Bewertung Google ist.<\/span><\/span><\/span> <div class=\"ti-review-text-container ti-review-content\"><!-- R-CONTENT -->Toller und sehr sauberer Campingplatz<!-- R-CONTENT --><\/div> <span class=\"ti-read-more\" data-container=\".ti-review-content\" data-collapse-text=\"Ausblenden\" data-open-text=\"Weiterlesen\"><\/span> <\/div> <\/div>  <div data-empty=\"0\" data-time=\"1787184000\" class=\"ti-review-item source-Google ti-image-layout-thumbnail\" data-id=\"cfcd208495d565ef66e7dff9f98764da\" data-language=\"\"> <div class=\"ti-inner\"> <div class=\"ti-review-header\"> <div class=\"ti-platform-icon ti-with-tooltip\"> <span class=\"ti-tooltip\">Gepostet auf Google<\/span> <trustindex-image data-imgurl=\"https:\/\/cdn.trustindex.io\/assets\/platform\/Google\/icon.svg\" alt=\"Google\" width=\"20\" height=\"20\" loading=\"lazy\"><\/trustindex-image> <\/div> <div class=\"ti-profile-img\"> <trustindex-image data-imgurl=\"https:\/\/lh3.googleusercontent.com\/a\/ACg8ocITelYkkF2_5cCb0BrYY4VFXjKjv_tMSmDWH-ITfGMGcwHKLg=w40-h40-c-rp-mo-br100\" alt=\"Sonja Kern profile picture\" loading=\"lazy\"><\/trustindex-image> <\/div> <div class=\"ti-profile-details\"> <div class=\"ti-name\"> Sonja Kern <\/div> <div class=\"ti-date\"><\/div> <\/div> <\/div> <span class=\"ti-stars\"><trustindex-image class=\"ti-star\" data-imgurl=\"https:\/\/cdn.trustindex.io\/assets\/platform\/Google\/star\/f.svg\" alt=\"Google star 1\" width=\"17\" height=\"17\" loading=\"lazy\"><\/trustindex-image><trustindex-image class=\"ti-star\" data-imgurl=\"https:\/\/cdn.trustindex.io\/assets\/platform\/Google\/star\/f.svg\" alt=\"Google star 2\" width=\"17\" height=\"17\" loading=\"lazy\"><\/trustindex-image><trustindex-image class=\"ti-star\" data-imgurl=\"https:\/\/cdn.trustindex.io\/assets\/platform\/Google\/star\/f.svg\" alt=\"Google star 3\" width=\"17\" height=\"17\" loading=\"lazy\"><\/trustindex-image><trustindex-image class=\"ti-star\" data-imgurl=\"https:\/\/cdn.trustindex.io\/assets\/platform\/Google\/star\/f.svg\" alt=\"Google star 4\" width=\"17\" height=\"17\" loading=\"lazy\"><\/trustindex-image><trustindex-image class=\"ti-star\" data-imgurl=\"https:\/\/cdn.trustindex.io\/assets\/platform\/Google\/star\/e.svg\" alt=\"Google star 5\" width=\"17\" height=\"17\" loading=\"lazy\"><\/trustindex-image><span class=\"ti-verified-review ti-verified-platform\"><span class=\"ti-verified-tooltip\">Trustindex \u00fcberpr\u00fcft, ob die Originalquelle der Bewertung Google ist.<\/span><\/span><\/span> <div class=\"ti-review-text-container ti-review-content\"><!-- R-CONTENT -->Sehr sch\u00f6ner kleiner Campingplatz mit gen\u00fcgend Platzgr\u00f6sse f\u00fcr Wohnmobile. Die Betreuer  super zuvorkommend bei Platzsuche und auch gut gepflegter Platz mit Sanit\u00e4ranlage. Guter Platz f\u00fcr sportliche Aktivit\u00e4ten.\nKann man sehr empfehlen.<!-- R-CONTENT --><\/div> <span class=\"ti-read-more\" data-container=\".ti-review-content\" data-collapse-text=\"Ausblenden\" data-open-text=\"Weiterlesen\"><\/span> <\/div> <\/div>  <div data-empty=\"0\" data-time=\"1787011200\" class=\"ti-review-item source-Google ti-image-layout-thumbnail\" data-id=\"cfcd208495d565ef66e7dff9f98764da\" data-language=\"\"> <div class=\"ti-inner\"> <div class=\"ti-review-header\"> <div class=\"ti-platform-icon ti-with-tooltip\"> <span class=\"ti-tooltip\">Gepostet auf Google<\/span> <trustindex-image data-imgurl=\"https:\/\/cdn.trustindex.io\/assets\/platform\/Google\/icon.svg\" alt=\"Google\" width=\"20\" height=\"20\" loading=\"lazy\"><\/trustindex-image> <\/div> <div class=\"ti-profile-img\"> <trustindex-image data-imgurl=\"https:\/\/lh3.googleusercontent.com\/a-\/ALV-UjVJijR_sa4_NkHAf8Lav2sBbcQVqtHV7-G-G_Yia5RlouMemxOX=w40-h40-c-rp-mo-ba12-br100\" alt=\"Thomas Rausch profile picture\" loading=\"lazy\"><\/trustindex-image> <\/div> <div class=\"ti-profile-details\"> <div class=\"ti-name\"> Thomas Rausch <\/div> <div class=\"ti-date\"><\/div> <\/div> <\/div> <span class=\"ti-stars\"><trustindex-image class=\"ti-star\" data-imgurl=\"https:\/\/cdn.trustindex.io\/assets\/platform\/Google\/star\/f.svg\" alt=\"Google star 1\" width=\"17\" height=\"17\" loading=\"lazy\"><\/trustindex-image><trustindex-image class=\"ti-star\" data-imgurl=\"https:\/\/cdn.trustindex.io\/assets\/platform\/Google\/star\/f.svg\" alt=\"Google star 2\" width=\"17\" height=\"17\" loading=\"lazy\"><\/trustindex-image><trustindex-image class=\"ti-star\" data-imgurl=\"https:\/\/cdn.trustindex.io\/assets\/platform\/Google\/star\/f.svg\" alt=\"Google star 3\" width=\"17\" height=\"17\" loading=\"lazy\"><\/trustindex-image><trustindex-image class=\"ti-star\" data-imgurl=\"https:\/\/cdn.trustindex.io\/assets\/platform\/Google\/star\/f.svg\" alt=\"Google star 4\" width=\"17\" height=\"17\" loading=\"lazy\"><\/trustindex-image><trustindex-image class=\"ti-star\" data-imgurl=\"https:\/\/cdn.trustindex.io\/assets\/platform\/Google\/star\/e.svg\" alt=\"Google star 5\" width=\"17\" height=\"17\" loading=\"lazy\"><\/trustindex-image><span class=\"ti-verified-review ti-verified-platform\"><span class=\"ti-verified-tooltip\">Trustindex \u00fcberpr\u00fcft, ob die Originalquelle der Bewertung Google ist.<\/span><\/span><\/span> <div class=\"ti-review-text-container ti-review-content\"><!-- R-CONTENT -->Der Empfang war sehr herzlich und man hat sich sofort gut aufgehoben gef\u00fchlt. Eine Gastst\u00e4tte gibt es auf dem Campingplatz leider nicht, aber man kann sich im Kiosk eine Pizza backen lassen und die war SPITZE!\nEs hat nur wenig wirklich schattige Pl\u00e4tze, in diesem Sinn trifft der Name des Campingplatz voll zu.<!-- R-CONTENT --><\/div> <span class=\"ti-read-more\" data-container=\".ti-review-content\" data-collapse-text=\"Ausblenden\" data-open-text=\"Weiterlesen\"><\/span> <\/div> <\/div>  <div data-empty=\"0\" data-time=\"1786924800\" class=\"ti-review-item source-Google ti-image-layout-thumbnail\" data-id=\"cfcd208495d565ef66e7dff9f98764da\" data-language=\"\"> <div class=\"ti-inner\"> <div class=\"ti-review-header\"> <div class=\"ti-platform-icon ti-with-tooltip\"> <span class=\"ti-tooltip\">Gepostet auf Google<\/span> <trustindex-image data-imgurl=\"https:\/\/cdn.trustindex.io\/assets\/platform\/Google\/icon.svg\" alt=\"Google\" width=\"20\" height=\"20\" loading=\"lazy\"><\/trustindex-image> <\/div> <div class=\"ti-profile-img\"> <trustindex-image data-imgurl=\"https:\/\/lh3.googleusercontent.com\/a\/ACg8ocJL4kbIEKf3u5r_Wf2QbTArSxIjL-y1E97iUz60IokKRsxc1Q=w40-h40-c-rp-mo-br100\" alt=\"Verena Milli profile picture\" loading=\"lazy\"><\/trustindex-image> <\/div> <div class=\"ti-profile-details\"> <div class=\"ti-name\"> Verena Milli <\/div> <div class=\"ti-date\"><\/div> <\/div> <\/div> <span class=\"ti-stars\"><trustindex-image class=\"ti-star\" data-imgurl=\"https:\/\/cdn.trustindex.io\/assets\/platform\/Google\/star\/f.svg\" alt=\"Google star 1\" width=\"17\" height=\"17\" loading=\"lazy\"><\/trustindex-image><trustindex-image class=\"ti-star\" data-imgurl=\"https:\/\/cdn.trustindex.io\/assets\/platform\/Google\/star\/f.svg\" alt=\"Google star 2\" width=\"17\" height=\"17\" loading=\"lazy\"><\/trustindex-image><trustindex-image class=\"ti-star\" data-imgurl=\"https:\/\/cdn.trustindex.io\/assets\/platform\/Google\/star\/f.svg\" alt=\"Google star 3\" width=\"17\" height=\"17\" loading=\"lazy\"><\/trustindex-image><trustindex-image class=\"ti-star\" data-imgurl=\"https:\/\/cdn.trustindex.io\/assets\/platform\/Google\/star\/f.svg\" alt=\"Google star 4\" width=\"17\" height=\"17\" loading=\"lazy\"><\/trustindex-image><trustindex-image class=\"ti-star\" data-imgurl=\"https:\/\/cdn.trustindex.io\/assets\/platform\/Google\/star\/f.svg\" alt=\"Google star 5\" width=\"17\" height=\"17\" loading=\"lazy\"><\/trustindex-image><span class=\"ti-verified-review ti-verified-platform\"><span class=\"ti-verified-tooltip\">Trustindex \u00fcberpr\u00fcft, ob die Originalquelle der Bewertung Google ist.<\/span><\/span><\/span> <div class=\"ti-review-text-container ti-review-content\"><!-- R-CONTENT -->Wir waren mit unserem Dachzelt dort, deshalb k\u00f6nnen wir \u00fcber die Bungalows nichts sagen. Der Campingplatz ist jedoch sch\u00f6n angelegt und sehr gepflegt. Der Check-In war unkompliziert und man wurde freundlich empfangen. Besonders gut haben uns die Sanit\u00e4ren Anlagen gefallen. Es war alles sehr sauber, modern und gepflegt. Auch der Shop war super gut ausgestattet. Wir k\u00f6nnen den Camping gerne weiterempfehlen :)<!-- R-CONTENT --><\/div> <span class=\"ti-read-more\" data-container=\".ti-review-content\" data-collapse-text=\"Ausblenden\" data-open-text=\"Weiterlesen\"><\/span> <\/div> <\/div>  <\/div> <div class=\"ti-controls-line\"> <div class=\"dot\"><\/div> <\/div> <\/div>    <\/div> <\/div> <\/template><\/pre><div data-src=\"https:\/\/cdn.trustindex.io\/loader.js?wp-widget\" data-template-id=\"trustindex-google-widget-html\" data-css-url=\"https:\/\/www.sonnencamping.de\/wp-content\/uploads\/trustindex-google-widget.css?1787909490\"><\/div>\n<\/div><\/section><\/div>\n<div  class='avia-button-wrap av-av_button-07f0c9afc5f336622b9b3e8668c94493-wrap avia-button-right  avia-builder-el-25  el_after_av_one_full  el_before_av_masonry_gallery  avia-builder-el-last  button-float'>\n<style type=\"text\/css\" data-created_by=\"avia_inline_auto\" id=\"style-css-av-av_button-07f0c9afc5f336622b9b3e8668c94493\">\n#top #wrap_all .avia-button.av-av_button-07f0c9afc5f336622b9b3e8668c94493{\nborder-style:solid;\nborder-width:1px 1px 1px 1px;\nborder-color:#ffffff;\ntransition:all 0.4s ease-in-out;\nmargin:0 -36px 0 0;\npadding:10px 0 10px 0;\n}\n#top #wrap_all .avia-button.av-av_button-07f0c9afc5f336622b9b3e8668c94493:hover{\ncolor:white;\ntransition:all 0.4s ease-in-out;\n}\n#top #wrap_all .avia-button.av-av_button-07f0c9afc5f336622b9b3e8668c94493:hover .avia-svg-icon svg:first-child{\nfill:white;\nstroke:white;\n}\n\n@media only screen and (max-width: 479px){ \n#top #wrap_all .avia-button.av-av_button-07f0c9afc5f336622b9b3e8668c94493{\nmargin:0 -170px 0 0;\n}\n}\n<\/style>\n<a href='https:\/\/www.sonnencamping.de\/online-buchen\/'  class='avia-button av-av_button-07f0c9afc5f336622b9b3e8668c94493 av-link-btn avia-icon_select-no avia-size-x-large avia-position-right avia-color-theme-color avia-font-color-black'  target=\"_blank\"  rel=\"noopener noreferrer\"  aria-label=\"jetzt online buchen\"><span class='avia_iconbox_title' >jetzt online buchen<\/span><span class='avia_button_background avia-button avia-color-theme-color-highlight' ><\/span><\/a><\/div>\n<div id='av-masonry-1' class='av-masonry av-av_masonry_gallery-82c75237c53a908b6973cdd245ccb0ea noHover av-fixed-size av-1px-gap av-hover-overlay- av-masonry-animation-active av-masonry-col-5 av-caption-always av-caption-style- av-masonry-gallery av-small-columns-overwrite av-small-columns-2 av-mini-columns-overwrite av-mini-columns-2 ' data-post_id=\"728\"><div class=\"av-masonry-container isotope av-js-disabled\"><div class='av-masonry-entry isotope-item av-masonry-item-no-image '><\/div><a href=\"https:\/\/www.sonnencamping.de\/wp-content\/uploads\/2019\/04\/Aufenthaltsraum-1030x760.jpg\" data-srcset=\"https:\/\/www.sonnencamping.de\/wp-content\/uploads\/2019\/04\/Aufenthaltsraum-1030x760.jpg 1030w, https:\/\/www.sonnencamping.de\/wp-content\/uploads\/2019\/04\/Aufenthaltsraum-300x221.jpg 300w, https:\/\/www.sonnencamping.de\/wp-content\/uploads\/2019\/04\/Aufenthaltsraum-768x567.jpg 768w, https:\/\/www.sonnencamping.de\/wp-content\/uploads\/2019\/04\/Aufenthaltsraum-1500x1107.jpg 1500w, https:\/\/www.sonnencamping.de\/wp-content\/uploads\/2019\/04\/Aufenthaltsraum-705x520.jpg 705w, https:\/\/www.sonnencamping.de\/wp-content\/uploads\/2019\/04\/Aufenthaltsraum-450x332.jpg 450w\" data-sizes=\"(max-width: 1030px) 100vw, 1030px\"  aria-label=\"afbeelding Verblijfsruimte\"  id='av-masonry-1-item-6264' data-av-masonry-item='6264' class='av-masonry-entry isotope-item post-6264 attachment type-attachment status-inherit hentry  av-masonry-item-with-image' title=\"Verblijfsruimte\" alt=\"\"    itemprop=\"thumbnailUrl\" ><div class='av-inner-masonry-sizer'><\/div><figure class='av-inner-masonry main_color'><div class=\"av-masonry-outerimage-container\"><div class='av-masonry-image-container' style=\"background-image: url(https:\/\/www.sonnencamping.de\/wp-content\/uploads\/2019\/04\/Aufenthaltsraum-705x520.jpg);\"  title=\"Verblijfsruimte\" ><\/div><\/div><\/figure><\/a><!--end av-masonry entry--><a href=\"https:\/\/www.sonnencamping.de\/wp-content\/uploads\/2019\/04\/Waschen-1.jpg\" data-srcset=\"https:\/\/www.sonnencamping.de\/wp-content\/uploads\/2019\/04\/Waschen-1.jpg 1024w, https:\/\/www.sonnencamping.de\/wp-content\/uploads\/2019\/04\/Waschen-1-300x221.jpg 300w, https:\/\/www.sonnencamping.de\/wp-content\/uploads\/2019\/04\/Waschen-1-768x567.jpg 768w, https:\/\/www.sonnencamping.de\/wp-content\/uploads\/2019\/04\/Waschen-1-705x520.jpg 705w, https:\/\/www.sonnencamping.de\/wp-content\/uploads\/2019\/04\/Waschen-1-450x332.jpg 450w\" data-sizes=\"(max-width: 1024px) 100vw, 1024px\"  aria-label=\"afbeelding Waschen und Trocknen\"  id='av-masonry-1-item-5110' data-av-masonry-item='5110' class='av-masonry-entry isotope-item post-5110 attachment type-attachment status-inherit hentry  av-masonry-item-with-image' title=\"Waschen und Trocknen\" alt=\"\"    itemprop=\"thumbnailUrl\" ><div class='av-inner-masonry-sizer'><\/div><figure class='av-inner-masonry main_color'><div class=\"av-masonry-outerimage-container\"><div class='av-masonry-image-container' style=\"background-image: url(https:\/\/www.sonnencamping.de\/wp-content\/uploads\/2019\/04\/Waschen-1-705x520.jpg);\"  title=\"Waschen und Trocknen\" ><\/div><\/div><\/figure><\/a><!--end av-masonry entry--><a href=\"https:\/\/www.sonnencamping.de\/wp-content\/uploads\/2024\/12\/pizza-729366_1920-1030x689.jpg\" data-srcset=\"https:\/\/www.sonnencamping.de\/wp-content\/uploads\/2024\/12\/pizza-729366_1920-1030x689.jpg 1030w, https:\/\/www.sonnencamping.de\/wp-content\/uploads\/2024\/12\/pizza-729366_1920-300x201.jpg 300w, https:\/\/www.sonnencamping.de\/wp-content\/uploads\/2024\/12\/pizza-729366_1920-768x514.jpg 768w, https:\/\/www.sonnencamping.de\/wp-content\/uploads\/2024\/12\/pizza-729366_1920-1536x1028.jpg 1536w, https:\/\/www.sonnencamping.de\/wp-content\/uploads\/2024\/12\/pizza-729366_1920-1500x1004.jpg 1500w, https:\/\/www.sonnencamping.de\/wp-content\/uploads\/2024\/12\/pizza-729366_1920-705x472.jpg 705w, https:\/\/www.sonnencamping.de\/wp-content\/uploads\/2024\/12\/pizza-729366_1920.jpg 1920w\" data-sizes=\"(max-width: 1030px) 100vw, 1030px\"  aria-label=\"afbeelding pizza-729366_1920\"  id='av-masonry-1-item-13369' data-av-masonry-item='13369' class='av-masonry-entry isotope-item post-13369 attachment type-attachment status-inherit hentry  av-masonry-item-with-image' title=\"pizza-729366_1920\" alt=\"\"    itemprop=\"thumbnailUrl\" ><div class='av-inner-masonry-sizer'><\/div><figure class='av-inner-masonry main_color'><div class=\"av-masonry-outerimage-container\"><div class='av-masonry-image-container' style=\"background-image: url(https:\/\/www.sonnencamping.de\/wp-content\/uploads\/2024\/12\/pizza-729366_1920-705x472.jpg);\"  title=\"pizza-729366_1920\" ><\/div><\/div><\/figure><\/a><!--end av-masonry entry--><a href=\"https:\/\/www.sonnencamping.de\/wp-content\/uploads\/2019\/04\/DSC_1277-1030x682.jpg\" data-srcset=\"https:\/\/www.sonnencamping.de\/wp-content\/uploads\/2019\/04\/DSC_1277-1030x682.jpg 1030w, https:\/\/www.sonnencamping.de\/wp-content\/uploads\/2019\/04\/DSC_1277-300x199.jpg 300w, https:\/\/www.sonnencamping.de\/wp-content\/uploads\/2019\/04\/DSC_1277-768x509.jpg 768w, https:\/\/www.sonnencamping.de\/wp-content\/uploads\/2019\/04\/DSC_1277-1500x994.jpg 1500w, https:\/\/www.sonnencamping.de\/wp-content\/uploads\/2019\/04\/DSC_1277-705x467.jpg 705w, https:\/\/www.sonnencamping.de\/wp-content\/uploads\/2019\/04\/DSC_1277-450x298.jpg 450w\" data-sizes=\"(max-width: 1030px) 100vw, 1030px\"  aria-label=\"afbeelding Barbecue hut\"  id='av-masonry-1-item-5018' data-av-masonry-item='5018' class='av-masonry-entry isotope-item post-5018 attachment type-attachment status-inherit hentry  av-masonry-item-with-image' title=\"Barbecue hut\" alt=\"\"    itemprop=\"thumbnailUrl\" ><div class='av-inner-masonry-sizer'><\/div><figure class='av-inner-masonry main_color'><div class=\"av-masonry-outerimage-container\"><div class='av-masonry-image-container' style=\"background-image: url(https:\/\/www.sonnencamping.de\/wp-content\/uploads\/2019\/04\/DSC_1277-705x467.jpg);\"  title=\"Barbecue hut\" ><\/div><\/div><\/figure><\/a><!--end av-masonry entry--><a href=\"https:\/\/www.sonnencamping.de\/wp-content\/uploads\/2019\/04\/DSC_1145-1030x682.jpg\" data-srcset=\"https:\/\/www.sonnencamping.de\/wp-content\/uploads\/2019\/04\/DSC_1145-1030x682.jpg 1030w, https:\/\/www.sonnencamping.de\/wp-content\/uploads\/2019\/04\/DSC_1145-300x199.jpg 300w, https:\/\/www.sonnencamping.de\/wp-content\/uploads\/2019\/04\/DSC_1145-768x509.jpg 768w, https:\/\/www.sonnencamping.de\/wp-content\/uploads\/2019\/04\/DSC_1145-1500x994.jpg 1500w, https:\/\/www.sonnencamping.de\/wp-content\/uploads\/2019\/04\/DSC_1145-705x467.jpg 705w, https:\/\/www.sonnencamping.de\/wp-content\/uploads\/2019\/04\/DSC_1145-450x298.jpg 450w\" data-sizes=\"(max-width: 1030px) 100vw, 1030px\"  aria-label=\"afbeelding Tafeltennis\"  id='av-masonry-1-item-5014' data-av-masonry-item='5014' class='av-masonry-entry isotope-item post-5014 attachment type-attachment status-inherit hentry  av-masonry-item-with-image' title=\"Tafeltennis\" alt=\"\"    itemprop=\"thumbnailUrl\" ><div class='av-inner-masonry-sizer'><\/div><figure class='av-inner-masonry main_color'><div class=\"av-masonry-outerimage-container\"><div class='av-masonry-image-container' style=\"background-image: url(https:\/\/www.sonnencamping.de\/wp-content\/uploads\/2019\/04\/DSC_1145-705x467.jpg);\"  title=\"Tafeltennis\" ><\/div><\/div><\/figure><\/a><!--end av-masonry entry--><a href=\"https:\/\/www.sonnencamping.de\/wp-content\/uploads\/2019\/04\/DSC_1113-Kopie-1030x682.jpg\" data-srcset=\"https:\/\/www.sonnencamping.de\/wp-content\/uploads\/2019\/04\/DSC_1113-Kopie-1030x682.jpg 1030w, https:\/\/www.sonnencamping.de\/wp-content\/uploads\/2019\/04\/DSC_1113-Kopie-300x199.jpg 300w, https:\/\/www.sonnencamping.de\/wp-content\/uploads\/2019\/04\/DSC_1113-Kopie-768x509.jpg 768w, https:\/\/www.sonnencamping.de\/wp-content\/uploads\/2019\/04\/DSC_1113-Kopie-1500x994.jpg 1500w, https:\/\/www.sonnencamping.de\/wp-content\/uploads\/2019\/04\/DSC_1113-Kopie-705x467.jpg 705w, https:\/\/www.sonnencamping.de\/wp-content\/uploads\/2019\/04\/DSC_1113-Kopie-450x298.jpg 450w\" data-sizes=\"(max-width: 1030px) 100vw, 1030px\"  aria-label=\"afbeelding Receptie\"  id='av-masonry-1-item-4852' data-av-masonry-item='4852' class='av-masonry-entry isotope-item post-4852 attachment type-attachment status-inherit hentry  av-masonry-item-with-image' title=\"Receptie\" alt=\"\"    itemprop=\"thumbnailUrl\" ><div class='av-inner-masonry-sizer'><\/div><figure class='av-inner-masonry main_color'><div class=\"av-masonry-outerimage-container\"><div class='av-masonry-image-container' style=\"background-image: url(https:\/\/www.sonnencamping.de\/wp-content\/uploads\/2019\/04\/DSC_1113-Kopie-705x467.jpg);\"  title=\"Receptie\" ><\/div><\/div><\/figure><\/a><!--end av-masonry entry--><a href=\"https:\/\/www.sonnencamping.de\/wp-content\/uploads\/2019\/04\/Sp\u00fclen.jpg\" data-srcset=\"https:\/\/www.sonnencamping.de\/wp-content\/uploads\/2019\/04\/Sp\u00fclen.jpg 1024w, https:\/\/www.sonnencamping.de\/wp-content\/uploads\/2019\/04\/Sp\u00fclen-300x221.jpg 300w, https:\/\/www.sonnencamping.de\/wp-content\/uploads\/2019\/04\/Sp\u00fclen-768x567.jpg 768w, https:\/\/www.sonnencamping.de\/wp-content\/uploads\/2019\/04\/Sp\u00fclen-705x520.jpg 705w, https:\/\/www.sonnencamping.de\/wp-content\/uploads\/2019\/04\/Sp\u00fclen-450x332.jpg 450w\" data-sizes=\"(max-width: 1024px) 100vw, 1024px\"  aria-label=\"afbeelding Afwassen\"  id='av-masonry-1-item-4772' data-av-masonry-item='4772' class='av-masonry-entry isotope-item post-4772 attachment type-attachment status-inherit hentry  av-masonry-item-with-image' title=\"Afwassen\" alt=\"\"    itemprop=\"thumbnailUrl\" ><div class='av-inner-masonry-sizer'><\/div><figure class='av-inner-masonry main_color'><div class=\"av-masonry-outerimage-container\"><div class='av-masonry-image-container' style=\"background-image: url(https:\/\/www.sonnencamping.de\/wp-content\/uploads\/2019\/04\/Sp\u00fclen-705x520.jpg);\"  title=\"Afwassen\" ><\/div><\/div><\/figure><\/a><!--end av-masonry entry--><a href=\"https:\/\/www.sonnencamping.de\/wp-content\/uploads\/2019\/04\/Rezeption.jpg\" data-srcset=\"https:\/\/www.sonnencamping.de\/wp-content\/uploads\/2019\/04\/Rezeption.jpg 1024w, https:\/\/www.sonnencamping.de\/wp-content\/uploads\/2019\/04\/Rezeption-300x221.jpg 300w, https:\/\/www.sonnencamping.de\/wp-content\/uploads\/2019\/04\/Rezeption-768x567.jpg 768w, https:\/\/www.sonnencamping.de\/wp-content\/uploads\/2019\/04\/Rezeption-705x520.jpg 705w, https:\/\/www.sonnencamping.de\/wp-content\/uploads\/2019\/04\/Rezeption-450x332.jpg 450w\" data-sizes=\"(max-width: 1024px) 100vw, 1024px\"  aria-label=\"afbeelding Receptie\"  id='av-masonry-1-item-4752' data-av-masonry-item='4752' class='av-masonry-entry isotope-item post-4752 attachment type-attachment status-inherit hentry  av-masonry-item-with-image' title=\"Receptie\" alt=\"\"    itemprop=\"thumbnailUrl\" ><div class='av-inner-masonry-sizer'><\/div><figure class='av-inner-masonry main_color'><div class=\"av-masonry-outerimage-container\"><div class='av-masonry-image-container' style=\"background-image: url(https:\/\/www.sonnencamping.de\/wp-content\/uploads\/2019\/04\/Rezeption-705x520.jpg);\"  title=\"Receptie\" ><\/div><\/div><\/figure><\/a><!--end av-masonry entry--><a href=\"https:\/\/www.sonnencamping.de\/wp-content\/uploads\/2019\/04\/Sanit\u00e4r.jpg\" data-srcset=\"https:\/\/www.sonnencamping.de\/wp-content\/uploads\/2019\/04\/Sanit\u00e4r.jpg 1024w, https:\/\/www.sonnencamping.de\/wp-content\/uploads\/2019\/04\/Sanit\u00e4r-300x221.jpg 300w, https:\/\/www.sonnencamping.de\/wp-content\/uploads\/2019\/04\/Sanit\u00e4r-768x567.jpg 768w, https:\/\/www.sonnencamping.de\/wp-content\/uploads\/2019\/04\/Sanit\u00e4r-705x520.jpg 705w, https:\/\/www.sonnencamping.de\/wp-content\/uploads\/2019\/04\/Sanit\u00e4r-450x332.jpg 450w\" data-sizes=\"(max-width: 1024px) 100vw, 1024px\"  aria-label=\"afbeelding Sanitair\"  id='av-masonry-1-item-4756' data-av-masonry-item='4756' class='av-masonry-entry isotope-item post-4756 attachment type-attachment status-inherit hentry  av-masonry-item-with-image' title=\"Sanitair\" alt=\"\"    itemprop=\"thumbnailUrl\" ><div class='av-inner-masonry-sizer'><\/div><figure class='av-inner-masonry main_color'><div class=\"av-masonry-outerimage-container\"><div class='av-masonry-image-container' style=\"background-image: url(https:\/\/www.sonnencamping.de\/wp-content\/uploads\/2019\/04\/Sanit\u00e4r-705x520.jpg);\"  title=\"Sanitair\" ><\/div><\/div><\/figure><\/a><!--end av-masonry entry--><a href=\"https:\/\/www.sonnencamping.de\/wp-content\/uploads\/2019\/04\/Sanit\u00e4r_1.jpg\" data-srcset=\"https:\/\/www.sonnencamping.de\/wp-content\/uploads\/2019\/04\/Sanit\u00e4r_1.jpg 1024w, https:\/\/www.sonnencamping.de\/wp-content\/uploads\/2019\/04\/Sanit\u00e4r_1-300x221.jpg 300w, https:\/\/www.sonnencamping.de\/wp-content\/uploads\/2019\/04\/Sanit\u00e4r_1-768x567.jpg 768w, https:\/\/www.sonnencamping.de\/wp-content\/uploads\/2019\/04\/Sanit\u00e4r_1-705x520.jpg 705w, https:\/\/www.sonnencamping.de\/wp-content\/uploads\/2019\/04\/Sanit\u00e4r_1-450x332.jpg 450w\" data-sizes=\"(max-width: 1024px) 100vw, 1024px\"  aria-label=\"afbeelding Sanitair\"  id='av-masonry-1-item-4760' data-av-masonry-item='4760' class='av-masonry-entry isotope-item post-4760 attachment type-attachment status-inherit hentry  av-masonry-item-with-image' title=\"Sanitair\" alt=\"\"    itemprop=\"thumbnailUrl\" ><div class='av-inner-masonry-sizer'><\/div><figure class='av-inner-masonry main_color'><div class=\"av-masonry-outerimage-container\"><div class='av-masonry-image-container' style=\"background-image: url(https:\/\/www.sonnencamping.de\/wp-content\/uploads\/2019\/04\/Sanit\u00e4r_1-705x520.jpg);\"  title=\"Sanitair\" ><\/div><\/div><\/figure><\/a><!--end av-masonry entry--><a href=\"https:\/\/www.sonnencamping.de\/wp-content\/uploads\/2019\/04\/Shop_2.jpg\" data-srcset=\"https:\/\/www.sonnencamping.de\/wp-content\/uploads\/2019\/04\/Shop_2.jpg 1024w, https:\/\/www.sonnencamping.de\/wp-content\/uploads\/2019\/04\/Shop_2-300x221.jpg 300w, https:\/\/www.sonnencamping.de\/wp-content\/uploads\/2019\/04\/Shop_2-768x567.jpg 768w, https:\/\/www.sonnencamping.de\/wp-content\/uploads\/2019\/04\/Shop_2-705x520.jpg 705w, https:\/\/www.sonnencamping.de\/wp-content\/uploads\/2019\/04\/Shop_2-450x332.jpg 450w\" data-sizes=\"(max-width: 1024px) 100vw, 1024px\"  aria-label=\"afbeelding Winkel\"  id='av-masonry-1-item-4764' data-av-masonry-item='4764' class='av-masonry-entry isotope-item post-4764 attachment type-attachment status-inherit hentry  av-masonry-item-with-image' title=\"Winkel\" alt=\"\"    itemprop=\"thumbnailUrl\" ><div class='av-inner-masonry-sizer'><\/div><figure class='av-inner-masonry main_color'><div class=\"av-masonry-outerimage-container\"><div class='av-masonry-image-container' style=\"background-image: url(https:\/\/www.sonnencamping.de\/wp-content\/uploads\/2019\/04\/Shop_2-705x520.jpg);\"  title=\"Winkel\" ><\/div><\/div><\/figure><\/a><!--end av-masonry entry--><a href=\"https:\/\/www.sonnencamping.de\/wp-content\/uploads\/2019\/04\/DSC04286-1030x687.jpg\" data-srcset=\"https:\/\/www.sonnencamping.de\/wp-content\/uploads\/2019\/04\/DSC04286-1030x687.jpg 1030w, https:\/\/www.sonnencamping.de\/wp-content\/uploads\/2019\/04\/DSC04286-300x200.jpg 300w, https:\/\/www.sonnencamping.de\/wp-content\/uploads\/2019\/04\/DSC04286-768x512.jpg 768w, https:\/\/www.sonnencamping.de\/wp-content\/uploads\/2019\/04\/DSC04286-1500x1000.jpg 1500w, https:\/\/www.sonnencamping.de\/wp-content\/uploads\/2019\/04\/DSC04286-705x470.jpg 705w, https:\/\/www.sonnencamping.de\/wp-content\/uploads\/2019\/04\/DSC04286-450x300.jpg 450w\" data-sizes=\"(max-width: 1030px) 100vw, 1030px\"  aria-label=\"afbeelding Kinderspeelplaats\"  id='av-masonry-1-item-4860' data-av-masonry-item='4860' class='av-masonry-entry isotope-item post-4860 attachment type-attachment status-inherit hentry  av-masonry-item-with-image' title=\"Kinderspeelplaats\" alt=\"\"    itemprop=\"thumbnailUrl\" ><div class='av-inner-masonry-sizer'><\/div><figure class='av-inner-masonry main_color'><div class=\"av-masonry-outerimage-container\"><div class='av-masonry-image-container' style=\"background-image: url(https:\/\/www.sonnencamping.de\/wp-content\/uploads\/2019\/04\/DSC04286-705x470.jpg);\"  title=\"Kinderspeelplaats\" ><\/div><\/div><\/figure><\/a><!--end av-masonry entry--><a href=\"https:\/\/www.sonnencamping.de\/wp-content\/uploads\/2019\/04\/bread-83242_1920-1030x687.jpg\" data-srcset=\"https:\/\/www.sonnencamping.de\/wp-content\/uploads\/2019\/04\/bread-83242_1920-1030x687.jpg 1030w, https:\/\/www.sonnencamping.de\/wp-content\/uploads\/2019\/04\/bread-83242_1920-300x200.jpg 300w, https:\/\/www.sonnencamping.de\/wp-content\/uploads\/2019\/04\/bread-83242_1920-768x512.jpg 768w, https:\/\/www.sonnencamping.de\/wp-content\/uploads\/2019\/04\/bread-83242_1920-1500x1000.jpg 1500w, https:\/\/www.sonnencamping.de\/wp-content\/uploads\/2019\/04\/bread-83242_1920-705x470.jpg 705w, https:\/\/www.sonnencamping.de\/wp-content\/uploads\/2019\/04\/bread-83242_1920-450x300.jpg 450w, https:\/\/www.sonnencamping.de\/wp-content\/uploads\/2019\/04\/bread-83242_1920.jpg 1920w\" data-sizes=\"(max-width: 1030px) 100vw, 1030px\"  aria-label=\"afbeelding Broodjesservice\"  id='av-masonry-1-item-6428' data-av-masonry-item='6428' class='av-masonry-entry isotope-item post-6428 attachment type-attachment status-inherit hentry  av-masonry-item-with-image' title=\"Broodjesservice\" alt=\"\"    itemprop=\"thumbnailUrl\" ><div class='av-inner-masonry-sizer'><\/div><figure class='av-inner-masonry main_color'><div class=\"av-masonry-outerimage-container\"><div class='av-masonry-image-container' style=\"background-image: url(https:\/\/www.sonnencamping.de\/wp-content\/uploads\/2019\/04\/bread-83242_1920-705x470.jpg);\"  title=\"Broodjesservice\" ><\/div><\/div><\/figure><\/a><!--end av-masonry entry--><a href=\"https:\/\/www.sonnencamping.de\/wp-content\/uploads\/2019\/04\/DSC_0582-1030x682.jpg\" data-srcset=\"https:\/\/www.sonnencamping.de\/wp-content\/uploads\/2019\/04\/DSC_0582-1030x682.jpg 1030w, https:\/\/www.sonnencamping.de\/wp-content\/uploads\/2019\/04\/DSC_0582-300x199.jpg 300w, https:\/\/www.sonnencamping.de\/wp-content\/uploads\/2019\/04\/DSC_0582-768x509.jpg 768w, https:\/\/www.sonnencamping.de\/wp-content\/uploads\/2019\/04\/DSC_0582-1500x994.jpg 1500w, https:\/\/www.sonnencamping.de\/wp-content\/uploads\/2019\/04\/DSC_0582-705x467.jpg 705w, https:\/\/www.sonnencamping.de\/wp-content\/uploads\/2019\/04\/DSC_0582-450x298.jpg 450w\" data-sizes=\"(max-width: 1030px) 100vw, 1030px\"  aria-label=\"afbeelding Servicepunt\"  id='av-masonry-1-item-6408' data-av-masonry-item='6408' class='av-masonry-entry isotope-item post-6408 attachment type-attachment status-inherit hentry  av-masonry-item-with-image' title=\"Servicepunt\" alt=\"\"    itemprop=\"thumbnailUrl\" ><div class='av-inner-masonry-sizer'><\/div><figure class='av-inner-masonry main_color'><div class=\"av-masonry-outerimage-container\"><div class='av-masonry-image-container' style=\"background-image: url(https:\/\/www.sonnencamping.de\/wp-content\/uploads\/2019\/04\/DSC_0582-705x467.jpg);\"  title=\"Servicepunt\" ><\/div><\/div><\/figure><\/a><!--end av-masonry entry--><a href=\"https:\/\/www.sonnencamping.de\/wp-content\/uploads\/2026\/04\/Snackautomat.jpg\" data-srcset=\"https:\/\/www.sonnencamping.de\/wp-content\/uploads\/2026\/04\/Snackautomat.jpg 1024w, https:\/\/www.sonnencamping.de\/wp-content\/uploads\/2026\/04\/Snackautomat-300x223.jpg 300w, https:\/\/www.sonnencamping.de\/wp-content\/uploads\/2026\/04\/Snackautomat-768x570.jpg 768w, https:\/\/www.sonnencamping.de\/wp-content\/uploads\/2026\/04\/Snackautomat-705x523.jpg 705w\" data-sizes=\"(max-width: 1024px) 100vw, 1024px\"  aria-label=\"afbeelding Snackautomat\"  id='av-masonry-1-item-17150' data-av-masonry-item='17150' class='av-masonry-entry isotope-item post-17150 attachment type-attachment status-inherit hentry  av-masonry-item-with-image' title=\"Snackautomat\" alt=\"\"    itemprop=\"thumbnailUrl\" ><div class='av-inner-masonry-sizer'><\/div><figure class='av-inner-masonry main_color'><div class=\"av-masonry-outerimage-container\"><div class='av-masonry-image-container' style=\"background-image: url(https:\/\/www.sonnencamping.de\/wp-content\/uploads\/2026\/04\/Snackautomat-705x523.jpg);\"  title=\"Snackautomat\" ><\/div><\/div><\/figure><\/a><!--end av-masonry entry--><\/div><\/div>\n","protected":false},"excerpt":{"rendered":"","protected":false},"author":1,"featured_media":0,"parent":0,"menu_order":0,"comment_status":"closed","ping_status":"closed","template":"","meta":{"footnotes":""},"class_list":["post-728","page","type-page","status-publish","hentry"],"yoast_head":"<!-- This site is optimized with the Yoast SEO plugin v28.3 - https:\/\/yoast.com\/product\/yoast-seo-wordpress\/ -->\n<title>Uitrusting - Sonnencamping Albstadt<\/title>\n<meta name=\"description\" content=\"Der Campingplatz wurde neu errichtet. Die Ausstattung, einschlie\u00dflich Sanit\u00e4rbereich, Aufenthaltsr\u00e4umen und allen Au\u00dfenanlagen entsprechen dem neuesten Standard.\" \/>\n<meta name=\"robots\" content=\"index, follow, max-snippet:-1, max-image-preview:large, max-video-preview:-1\" \/>\n<link rel=\"canonical\" href=\"https:\/\/www.sonnencamping.de\/nl\/uitrusting\/\" \/>\n<meta property=\"og:locale\" content=\"nl_NL\" \/>\n<meta property=\"og:type\" content=\"article\" \/>\n<meta property=\"og:title\" content=\"Uitrusting - Sonnencamping Albstadt\" \/>\n<meta property=\"og:description\" content=\"Der Campingplatz wurde neu errichtet. Die Ausstattung, einschlie\u00dflich Sanit\u00e4rbereich, Aufenthaltsr\u00e4umen und allen Au\u00dfenanlagen entsprechen dem neuesten Standard.\" \/>\n<meta property=\"og:url\" content=\"https:\/\/www.sonnencamping.de\/nl\/uitrusting\/\" \/>\n<meta property=\"og:site_name\" content=\"Sonnencamping Albstadt\" \/>\n<meta property=\"article:publisher\" content=\"https:\/\/www.facebook.com\/pages\/Sonnencamping-Albstadt\/1621154931501939\" \/>\n<meta property=\"article:modified_time\" content=\"2026-08-18T09:02:06+00:00\" \/>\n<meta name=\"twitter:label1\" content=\"Est. reading time\" \/>\n\t<meta name=\"twitter:data1\" content=\"4 minutes\" \/>\n<script type=\"application\/ld+json\" class=\"yoast-schema-graph\">{\"@context\":\"https:\\\/\\\/schema.org\",\"@graph\":[{\"@type\":\"WebPage\",\"@id\":\"https:\\\/\\\/www.sonnencamping.de\\\/nl\\\/uitrusting\\\/\",\"url\":\"https:\\\/\\\/www.sonnencamping.de\\\/nl\\\/uitrusting\\\/\",\"name\":\"Uitrusting - Sonnencamping Albstadt\",\"isPartOf\":{\"@id\":\"https:\\\/\\\/www.sonnencamping.de\\\/#website\"},\"datePublished\":\"2014-06-18T15:45:33+00:00\",\"dateModified\":\"2026-08-18T09:02:06+00:00\",\"description\":\"Der Campingplatz wurde neu errichtet. Die Ausstattung, einschlie\u00dflich Sanit\u00e4rbereich, Aufenthaltsr\u00e4umen und allen Au\u00dfenanlagen entsprechen dem neuesten Standard.\",\"breadcrumb\":{\"@id\":\"https:\\\/\\\/www.sonnencamping.de\\\/nl\\\/uitrusting\\\/#breadcrumb\"},\"inLanguage\":\"nl-NL\",\"potentialAction\":[{\"@type\":\"ReadAction\",\"target\":[\"https:\\\/\\\/www.sonnencamping.de\\\/nl\\\/uitrusting\\\/\"]}]},{\"@type\":\"BreadcrumbList\",\"@id\":\"https:\\\/\\\/www.sonnencamping.de\\\/nl\\\/uitrusting\\\/#breadcrumb\",\"itemListElement\":[{\"@type\":\"ListItem\",\"position\":1,\"name\":\"Home\",\"item\":\"https:\\\/\\\/www.sonnencamping.de\\\/nl\\\/\"},{\"@type\":\"ListItem\",\"position\":2,\"name\":\"Uitrusting\"}]},{\"@type\":\"WebSite\",\"@id\":\"https:\\\/\\\/www.sonnencamping.de\\\/#website\",\"url\":\"https:\\\/\\\/www.sonnencamping.de\\\/\",\"name\":\"Sonnencamping Albstadt\",\"description\":\"Sonnencamping in Albstadt\",\"publisher\":{\"@id\":\"https:\\\/\\\/www.sonnencamping.de\\\/#organization\"},\"potentialAction\":[{\"@type\":\"SearchAction\",\"target\":{\"@type\":\"EntryPoint\",\"urlTemplate\":\"https:\\\/\\\/www.sonnencamping.de\\\/?s={search_term_string}\"},\"query-input\":{\"@type\":\"PropertyValueSpecification\",\"valueRequired\":true,\"valueName\":\"search_term_string\"}}],\"inLanguage\":\"nl-NL\"},{\"@type\":\"Organization\",\"@id\":\"https:\\\/\\\/www.sonnencamping.de\\\/#organization\",\"name\":\"Sonnencamping Albstadt\",\"url\":\"https:\\\/\\\/www.sonnencamping.de\\\/\",\"logo\":{\"@type\":\"ImageObject\",\"inLanguage\":\"nl-NL\",\"@id\":\"https:\\\/\\\/www.sonnencamping.de\\\/#\\\/schema\\\/logo\\\/image\\\/\",\"url\":\"https:\\\/\\\/www.sonnencamping.de\\\/wp-content\\\/uploads\\\/2025\\\/02\\\/Logo_sonnencamping_Nov16.jpg\",\"contentUrl\":\"https:\\\/\\\/www.sonnencamping.de\\\/wp-content\\\/uploads\\\/2025\\\/02\\\/Logo_sonnencamping_Nov16.jpg\",\"width\":762,\"height\":856,\"caption\":\"Sonnencamping Albstadt\"},\"image\":{\"@id\":\"https:\\\/\\\/www.sonnencamping.de\\\/#\\\/schema\\\/logo\\\/image\\\/\"},\"sameAs\":[\"https:\\\/\\\/www.facebook.com\\\/pages\\\/Sonnencamping-Albstadt\\\/1621154931501939\"]}]}<\/script>\n<!-- \/ Yoast SEO plugin. -->","yoast_head_json":{"title":"Uitrusting - Sonnencamping Albstadt","description":"Der Campingplatz wurde neu errichtet. Die Ausstattung, einschlie\u00dflich Sanit\u00e4rbereich, Aufenthaltsr\u00e4umen und allen Au\u00dfenanlagen entsprechen dem neuesten Standard.","robots":{"index":"index","follow":"follow","max-snippet":"max-snippet:-1","max-image-preview":"max-image-preview:large","max-video-preview":"max-video-preview:-1"},"canonical":"https:\/\/www.sonnencamping.de\/nl\/uitrusting\/","og_locale":"nl_NL","og_type":"article","og_title":"Uitrusting - Sonnencamping Albstadt","og_description":"Der Campingplatz wurde neu errichtet. Die Ausstattung, einschlie\u00dflich Sanit\u00e4rbereich, Aufenthaltsr\u00e4umen und allen Au\u00dfenanlagen entsprechen dem neuesten Standard.","og_url":"https:\/\/www.sonnencamping.de\/nl\/uitrusting\/","og_site_name":"Sonnencamping Albstadt","article_publisher":"https:\/\/www.facebook.com\/pages\/Sonnencamping-Albstadt\/1621154931501939","article_modified_time":"2026-08-18T09:02:06+00:00","twitter_misc":{"Est. reading time":"4 minutes"},"schema":{"@context":"https:\/\/schema.org","@graph":[{"@type":"WebPage","@id":"https:\/\/www.sonnencamping.de\/nl\/uitrusting\/","url":"https:\/\/www.sonnencamping.de\/nl\/uitrusting\/","name":"Uitrusting - Sonnencamping Albstadt","isPartOf":{"@id":"https:\/\/www.sonnencamping.de\/#website"},"datePublished":"2014-06-18T15:45:33+00:00","dateModified":"2026-08-18T09:02:06+00:00","description":"Der Campingplatz wurde neu errichtet. Die Ausstattung, einschlie\u00dflich Sanit\u00e4rbereich, Aufenthaltsr\u00e4umen und allen Au\u00dfenanlagen entsprechen dem neuesten Standard.","breadcrumb":{"@id":"https:\/\/www.sonnencamping.de\/nl\/uitrusting\/#breadcrumb"},"inLanguage":"nl-NL","potentialAction":[{"@type":"ReadAction","target":["https:\/\/www.sonnencamping.de\/nl\/uitrusting\/"]}]},{"@type":"BreadcrumbList","@id":"https:\/\/www.sonnencamping.de\/nl\/uitrusting\/#breadcrumb","itemListElement":[{"@type":"ListItem","position":1,"name":"Home","item":"https:\/\/www.sonnencamping.de\/nl\/"},{"@type":"ListItem","position":2,"name":"Uitrusting"}]},{"@type":"WebSite","@id":"https:\/\/www.sonnencamping.de\/#website","url":"https:\/\/www.sonnencamping.de\/","name":"Sonnencamping Albstadt","description":"Sonnencamping in Albstadt","publisher":{"@id":"https:\/\/www.sonnencamping.de\/#organization"},"potentialAction":[{"@type":"SearchAction","target":{"@type":"EntryPoint","urlTemplate":"https:\/\/www.sonnencamping.de\/?s={search_term_string}"},"query-input":{"@type":"PropertyValueSpecification","valueRequired":true,"valueName":"search_term_string"}}],"inLanguage":"nl-NL"},{"@type":"Organization","@id":"https:\/\/www.sonnencamping.de\/#organization","name":"Sonnencamping Albstadt","url":"https:\/\/www.sonnencamping.de\/","logo":{"@type":"ImageObject","inLanguage":"nl-NL","@id":"https:\/\/www.sonnencamping.de\/#\/schema\/logo\/image\/","url":"https:\/\/www.sonnencamping.de\/wp-content\/uploads\/2025\/02\/Logo_sonnencamping_Nov16.jpg","contentUrl":"https:\/\/www.sonnencamping.de\/wp-content\/uploads\/2025\/02\/Logo_sonnencamping_Nov16.jpg","width":762,"height":856,"caption":"Sonnencamping Albstadt"},"image":{"@id":"https:\/\/www.sonnencamping.de\/#\/schema\/logo\/image\/"},"sameAs":["https:\/\/www.facebook.com\/pages\/Sonnencamping-Albstadt\/1621154931501939"]}]}},"_links":{"self":[{"href":"https:\/\/www.sonnencamping.de\/nl\/wp-json\/wp\/v2\/pages\/728","targetHints":{"allow":["GET"]}}],"collection":[{"href":"https:\/\/www.sonnencamping.de\/nl\/wp-json\/wp\/v2\/pages"}],"about":[{"href":"https:\/\/www.sonnencamping.de\/nl\/wp-json\/wp\/v2\/types\/page"}],"author":[{"embeddable":true,"href":"https:\/\/www.sonnencamping.de\/nl\/wp-json\/wp\/v2\/users\/1"}],"replies":[{"embeddable":true,"href":"https:\/\/www.sonnencamping.de\/nl\/wp-json\/wp\/v2\/comments?post=728"}],"version-history":[{"count":7,"href":"https:\/\/www.sonnencamping.de\/nl\/wp-json\/wp\/v2\/pages\/728\/revisions"}],"predecessor-version":[{"id":17643,"href":"https:\/\/www.sonnencamping.de\/nl\/wp-json\/wp\/v2\/pages\/728\/revisions\/17643"}],"wp:attachment":[{"href":"https:\/\/www.sonnencamping.de\/nl\/wp-json\/wp\/v2\/media?parent=728"}],"curies":[{"name":"wp","href":"https:\/\/api.w.org\/{rel}","templated":true}]}}